{"id":1966,"date":"2022-06-18T15:31:44","date_gmt":"2022-06-18T13:31:44","guid":{"rendered":"https:\/\/www.yoga-stud.io\/?page_id=1966"},"modified":"2023-07-21T09:50:14","modified_gmt":"2023-07-21T07:50:14","slug":"de-vous-a-moi-blog-yoga","status":"publish","type":"page","link":"https:\/\/www.yoga-stud.io\/es\/de-vous-a-moi-blog-yoga\/","title":{"rendered":"De ti para m\u00ed Blog de yoga"},"content":{"rendered":"<div data-elementor-type=\"wp-page\" data-elementor-id=\"1966\" class=\"elementor elementor-1966\" data-elementor-post-type=\"page\">\n\t\t\t\t<div class=\"elementor-element elementor-element-f8f94e5 e-flex e-con-boxed e-con e-parent\" data-id=\"f8f94e5\" data-element_type=\"container\" data-settings=\"{&quot;background_background&quot;:&quot;classic&quot;,&quot;shape_divider_bottom&quot;:&quot;mountains&quot;}\">\n\t\t\t\t\t<div class=\"e-con-inner\">\n\t\t\t\t<div class=\"elementor-shape elementor-shape-bottom\" aria-hidden=\"true\" data-negative=\"false\">\n\t\t\t<svg xmlns=\"http:\/\/www.w3.org\/2000\/svg\" viewbox=\"0 0 1000 100\" preserveaspectratio=\"none\">\n\t<path class=\"elementor-shape-fill\" opacity=\"0.33\" d=\"M473,67.3c-203.9,88.3-263.1-34-320.3,0C66,119.1,0,59.7,0,59.7V0h1000v59.7 c0,0-62.1,26.1-94.9,29.3c-32.8,3.3-62.8-12.3-75.8-22.1C806,49.6,745.3,8.7,694.9,4.7S492.4,59,473,67.3z\"\/>\n\t<path class=\"elementor-shape-fill\" opacity=\"0.66\" d=\"M734,67.3c-45.5,0-77.2-23.2-129.1-39.1c-28.6-8.7-150.3-10.1-254,39.1 s-91.7-34.4-149.2,0C115.7,118.3,0,39.8,0,39.8V0h1000v36.5c0,0-28.2-18.5-92.1-18.5C810.2,18.1,775.7,67.3,734,67.3z\"\/>\n\t<path class=\"elementor-shape-fill\" d=\"M766.1,28.9c-200-57.5-266,65.5-395.1,19.5C242,1.8,242,5.4,184.8,20.6C128,35.8,132.3,44.9,89.9,52.5C28.6,63.7,0,0,0,0 h1000c0,0-9.9,40.9-83.6,48.1S829.6,47,766.1,28.9z\"\/>\n<\/svg>\t\t<\/div>\n\t\t<div class=\"elementor-element elementor-element-f06ed9e e-con-full e-flex e-con e-child\" data-id=\"f06ed9e\" data-element_type=\"container\">\n\t\t<div class=\"elementor-element elementor-element-7333b2f e-con-full e-flex e-con e-child\" data-id=\"7333b2f\" data-element_type=\"container\">\n\t\t<div class=\"elementor-element elementor-element-7c5347f e-con-full e-flex e-con e-child\" data-id=\"7c5347f\" data-element_type=\"container\">\n\t\t\t\t<div class=\"elementor-element elementor-element-d2793fb elementor-widget elementor-widget-text-editor\" data-id=\"d2793fb\" data-element_type=\"widget\" data-widget_type=\"text-editor.default\">\n\t\t\t\t<div class=\"elementor-widget-container\">\n\t\t\t\t\t\t\t\t\t<p>de ti a m\u00ed...<\/p>\t\t\t\t\t\t\t\t<\/div>\n\t\t\t\t<\/div>\n\t\t\t\t<div class=\"elementor-element elementor-element-713231b elementor-widget elementor-widget-heading\" data-id=\"713231b\" data-element_type=\"widget\" data-widget_type=\"heading.default\">\n\t\t\t\t<div class=\"elementor-widget-container\">\n\t\t\t\t\t<h1 class=\"elementor-heading-title elementor-size-default\">... Yoga<\/h1>\t\t\t\t<\/div>\n\t\t\t\t<\/div>\n\t\t\t\t<\/div>\n\t\t<div class=\"elementor-element elementor-element-3988a53 e-con-full e-flex e-con e-child\" data-id=\"3988a53\" data-element_type=\"container\">\n\t\t\t\t<\/div>\n\t\t\t\t<\/div>\n\t\t\t\t<\/div>\n\t\t\t\t\t<\/div>\n\t\t\t\t<\/div>\n\t\t<div class=\"elementor-element elementor-element-4fed760 e-flex e-con-boxed e-con e-parent\" data-id=\"4fed760\" data-element_type=\"container\">\n\t\t\t\t\t<div class=\"e-con-inner\">\n\t\t<div class=\"elementor-element elementor-element-705b3c0 e-con-full e-flex e-con e-child\" data-id=\"705b3c0\" data-element_type=\"container\">\n\t\t\t\t<div class=\"elementor-element elementor-element-c07bd1f elementor-widget elementor-widget-heading\" data-id=\"c07bd1f\" data-element_type=\"widget\" data-widget_type=\"heading.default\">\n\t\t\t\t<div class=\"elementor-widget-container\">\n\t\t\t\t\t<h2 class=\"elementor-heading-title elementor-size-default\"> <b>Blog de yoga<\/b> Consejos, estados de \u00e1nimo, asesoramiento...<\/h2>\t\t\t\t<\/div>\n\t\t\t\t<\/div>\n\t\t\t\t<div class=\"elementor-element elementor-element-24482b2 elementor-widget elementor-widget-text-editor\" data-id=\"24482b2\" data-element_type=\"widget\" data-widget_type=\"text-editor.default\">\n\t\t\t\t<div class=\"elementor-widget-container\">\n\t\t\t\t\t\t\t\t\t<p>Algunos \"\u00a0<strong>cuentos de tapi<\/strong>s\" en la lectura r\u00e1pida para practicar el <strong>yoga en casa<\/strong>Aprenda a nutrir su cuerpo, as\u00ed como su mente, y a aliviar los dolores y molestias de la vida cotidiana, <strong>disfrutar del bienestar natural...<\/strong>Simplemente, \u00a1vivir en el yoga!\u00a0<\/p>\t\t\t\t\t\t\t\t<\/div>\n\t\t\t\t<\/div>\n\t\t\t\t<div class=\"elementor-element elementor-element-a678668 elementor-posts--align-left elementor-posts__hover-none elementor-grid-3 elementor-grid-tablet-2 elementor-grid-mobile-1 elementor-posts--thumbnail-top elementor-widget elementor-widget-posts\" data-id=\"a678668\" data-element_type=\"widget\" data-settings=\"{&quot;pagination_type&quot;:&quot;lazyload&quot;,&quot;cards_columns&quot;:&quot;3&quot;,&quot;cards_columns_tablet&quot;:&quot;2&quot;,&quot;cards_columns_mobile&quot;:&quot;1&quot;,&quot;cards_row_gap&quot;:{&quot;unit&quot;:&quot;px&quot;,&quot;size&quot;:35,&quot;sizes&quot;:[]},&quot;cards_row_gap_tablet&quot;:{&quot;unit&quot;:&quot;px&quot;,&quot;size&quot;:&quot;&quot;,&quot;sizes&quot;:[]},&quot;cards_row_gap_mobile&quot;:{&quot;unit&quot;:&quot;px&quot;,&quot;size&quot;:&quot;&quot;,&quot;sizes&quot;:[]}}\" data-widget_type=\"posts.cards\">\n\t\t\t\t<div class=\"elementor-widget-container\">\n\t\t\t\t\t\t\t<div class=\"elementor-posts-container elementor-posts elementor-posts--skin-cards elementor-grid\" role=\"list\">\n\t\t\t\t<article class=\"elementor-post elementor-grid-item post-5439 post type-post status-publish format-standard has-post-thumbnail hentry category-non-classe tag-yogapostural\" role=\"listitem\">\n\t\t\t<div class=\"elementor-post__card\">\n\t\t\t\t<a class=\"elementor-post__thumbnail__link\" href=\"https:\/\/www.yoga-stud.io\/es\/gomukhasana\/\" tabindex=\"-1\" ><div class=\"elementor-post__thumbnail\"><img fetchpriority=\"high\" decoding=\"async\" width=\"768\" height=\"960\" src=\"https:\/\/www.yoga-stud.io\/wp-content\/uploads\/2023\/08\/Gomukhasana-768x960.png\" class=\"attachment-medium_large size-medium_large wp-image-5440\" alt=\"-\" srcset=\"https:\/\/www.yoga-stud.io\/wp-content\/uploads\/2023\/08\/Gomukhasana-768x960.png 768w, https:\/\/www.yoga-stud.io\/wp-content\/uploads\/2023\/08\/Gomukhasana-240x300.png 240w, https:\/\/www.yoga-stud.io\/wp-content\/uploads\/2023\/08\/Gomukhasana-819x1024.png 819w, https:\/\/www.yoga-stud.io\/wp-content\/uploads\/2023\/08\/Gomukhasana-10x12.png 10w, https:\/\/www.yoga-stud.io\/wp-content\/uploads\/2023\/08\/Gomukhasana.png 1080w\" sizes=\"(max-width: 768px) 100vw, 768px\" title=\"-\"><\/div><\/a>\n\t\t\t\t<div class=\"elementor-post__badge\">yogapostural<\/div>\n\t\t\t\t<div class=\"elementor-post__text\">\n\t\t\t\t<h4 class=\"elementor-post__title\">\n\t\t\t<a href=\"https:\/\/www.yoga-stud.io\/es\/gomukhasana\/\" >\n\t\t\t\tGomukhasana\t\t\t<\/a>\n\t\t<\/h4>\n\t\t\t\t<div class=\"elementor-post__excerpt\">\n\t\t\t<p>En s\u00e1nscrito, \"Go\" significa vaca y \"Muka\", cabeza. <\/p>\n\t\t<\/div>\n\t\t\n\t\t<a class=\"elementor-post__read-more\" href=\"https:\/\/www.yoga-stud.io\/es\/gomukhasana\/\" aria-label=\"Leer m\u00e1s sobre Gomukhasana\" tabindex=\"-1\" >\n\t\t\tLeer m\u00e1s\t\t<\/a>\n\n\t\t\t\t<\/div>\n\t\t\t\t\t<\/div>\n\t\t<\/article>\n\t\t\t\t<article class=\"elementor-post elementor-grid-item post-5410 post type-post status-publish format-standard has-post-thumbnail hentry category-non-classe tag-yogapostural\" role=\"listitem\">\n\t\t\t<div class=\"elementor-post__card\">\n\t\t\t\t<a class=\"elementor-post__thumbnail__link\" href=\"https:\/\/www.yoga-stud.io\/es\/posture-virabhadrasana-3\/\" tabindex=\"-1\" ><div class=\"elementor-post__thumbnail\"><img decoding=\"async\" width=\"768\" height=\"960\" src=\"https:\/\/www.yoga-stud.io\/wp-content\/uploads\/2023\/08\/Vira-3-768x960.png\" class=\"attachment-medium_large size-medium_large wp-image-5411\" alt=\"-\" srcset=\"https:\/\/www.yoga-stud.io\/wp-content\/uploads\/2023\/08\/Vira-3-768x960.png 768w, https:\/\/www.yoga-stud.io\/wp-content\/uploads\/2023\/08\/Vira-3-240x300.png 240w, https:\/\/www.yoga-stud.io\/wp-content\/uploads\/2023\/08\/Vira-3-819x1024.png 819w, https:\/\/www.yoga-stud.io\/wp-content\/uploads\/2023\/08\/Vira-3-10x12.png 10w, https:\/\/www.yoga-stud.io\/wp-content\/uploads\/2023\/08\/Vira-3.png 1080w\" sizes=\"(max-width: 768px) 100vw, 768px\" title=\"-\"><\/div><\/a>\n\t\t\t\t<div class=\"elementor-post__badge\">yogapostural<\/div>\n\t\t\t\t<div class=\"elementor-post__text\">\n\t\t\t\t<h4 class=\"elementor-post__title\">\n\t\t\t<a href=\"https:\/\/www.yoga-stud.io\/es\/posture-virabhadrasana-3\/\" >\n\t\t\t\tVirabhadrasana III\t\t\t<\/a>\n\t\t<\/h4>\n\t\t\t\t<div class=\"elementor-post__excerpt\">\n\t\t\t<p>Para esta asana, que exige tanto de nuestro cuerpo como de nuestra mente, se requiere disciplina y humildad. <\/p>\n\t\t<\/div>\n\t\t\n\t\t<a class=\"elementor-post__read-more\" href=\"https:\/\/www.yoga-stud.io\/es\/posture-virabhadrasana-3\/\" aria-label=\"Leer m\u00e1s sobre Virabhadrasana III\" tabindex=\"-1\" >\n\t\t\tLeer m\u00e1s\t\t<\/a>\n\n\t\t\t\t<\/div>\n\t\t\t\t\t<\/div>\n\t\t<\/article>\n\t\t\t\t<article class=\"elementor-post elementor-grid-item post-3858 post type-post status-publish format-standard has-post-thumbnail hentry category-non-classe tag-yogalife\" role=\"listitem\">\n\t\t\t<div class=\"elementor-post__card\">\n\t\t\t\t<a class=\"elementor-post__thumbnail__link\" href=\"https:\/\/www.yoga-stud.io\/es\/108-le-nombre-sacre\/\" tabindex=\"-1\" ><div class=\"elementor-post__thumbnail\"><img decoding=\"async\" width=\"768\" height=\"960\" src=\"https:\/\/www.yoga-stud.io\/wp-content\/uploads\/2022\/11\/article-nombre-108-768x960.jpg\" class=\"attachment-medium_large size-medium_large wp-image-3859\" alt=\"-\" srcset=\"https:\/\/www.yoga-stud.io\/wp-content\/uploads\/2022\/11\/article-nombre-108-768x960.jpg 768w, https:\/\/www.yoga-stud.io\/wp-content\/uploads\/2022\/11\/article-nombre-108-240x300.jpg 240w, https:\/\/www.yoga-stud.io\/wp-content\/uploads\/2022\/11\/article-nombre-108-819x1024.jpg 819w, https:\/\/www.yoga-stud.io\/wp-content\/uploads\/2022\/11\/article-nombre-108-10x12.jpg 10w, https:\/\/www.yoga-stud.io\/wp-content\/uploads\/2022\/11\/article-nombre-108.jpg 1080w\" sizes=\"(max-width: 768px) 100vw, 768px\" title=\"-\"><\/div><\/a>\n\t\t\t\t<div class=\"elementor-post__badge\">yogalife<\/div>\n\t\t\t\t<div class=\"elementor-post__text\">\n\t\t\t\t<h4 class=\"elementor-post__title\">\n\t\t\t<a href=\"https:\/\/www.yoga-stud.io\/es\/108-le-nombre-sacre\/\" >\n\t\t\t\t108 el n\u00famero sagrado\t\t\t<\/a>\n\t\t<\/h4>\n\t\t\t\t<div class=\"elementor-post__excerpt\">\n\t\t\t<p>S\u00ed, el n\u00famero 108 est\u00e1 lleno de significado. Ya sea en el hinduismo, el budismo o el jainismo, este n\u00famero sagrado es muy com\u00fan.<\/p>\n\t\t<\/div>\n\t\t\n\t\t<a class=\"elementor-post__read-more\" href=\"https:\/\/www.yoga-stud.io\/es\/108-le-nombre-sacre\/\" aria-label=\"Leer m\u00e1s sobre 108, el n\u00famero sagrado\" tabindex=\"-1\" >\n\t\t\tLeer m\u00e1s\t\t<\/a>\n\n\t\t\t\t<\/div>\n\t\t\t\t\t<\/div>\n\t\t<\/article>\n\t\t\t\t<article class=\"elementor-post elementor-grid-item post-3841 post type-post status-publish format-standard has-post-thumbnail hentry category-non-classe tag-yogalife\" role=\"listitem\">\n\t\t\t<div class=\"elementor-post__card\">\n\t\t\t\t<a class=\"elementor-post__thumbnail__link\" href=\"https:\/\/www.yoga-stud.io\/es\/secrets-de-yogini-pour-un-automne-au-top\/\" tabindex=\"-1\" ><div class=\"elementor-post__thumbnail\"><img loading=\"lazy\" decoding=\"async\" width=\"768\" height=\"960\" src=\"https:\/\/www.yoga-stud.io\/wp-content\/uploads\/2022\/11\/article-automne--768x960.jpg\" class=\"attachment-medium_large size-medium_large wp-image-3842\" alt=\"Consejos para el oto\u00f1o\" srcset=\"https:\/\/www.yoga-stud.io\/wp-content\/uploads\/2022\/11\/article-automne--768x960.jpg 768w, https:\/\/www.yoga-stud.io\/wp-content\/uploads\/2022\/11\/article-automne--240x300.jpg 240w, https:\/\/www.yoga-stud.io\/wp-content\/uploads\/2022\/11\/article-automne--819x1024.jpg 819w, https:\/\/www.yoga-stud.io\/wp-content\/uploads\/2022\/11\/article-automne--10x12.jpg 10w, https:\/\/www.yoga-stud.io\/wp-content\/uploads\/2022\/11\/article-automne-.jpg 1080w\" sizes=\"(max-width: 768px) 100vw, 768px\" title=\"-\"><\/div><\/a>\n\t\t\t\t<div class=\"elementor-post__badge\">yogalife<\/div>\n\t\t\t\t<div class=\"elementor-post__text\">\n\t\t\t\t<h4 class=\"elementor-post__title\">\n\t\t\t<a href=\"https:\/\/www.yoga-stud.io\/es\/secrets-de-yogini-pour-un-automne-au-top\/\" >\n\t\t\t\tLos secretos de los yoguis para un buen oto\u00f1o\t\t\t<\/a>\n\t\t<\/h4>\n\t\t\t\t<div class=\"elementor-post__excerpt\">\n\t\t\t<p>\u00bfDif\u00edcil transici\u00f3n al oto\u00f1o? \u00a1Claramente para m\u00ed S\u00cd \ud83d\ude42 Sigo dici\u00e9ndome a m\u00ed misma que, pronto, llegar\u00e1 un festival de colores....bah la transici\u00f3n sigue siendo dura!<\/p>\n\t\t<\/div>\n\t\t\n\t\t<a class=\"elementor-post__read-more\" href=\"https:\/\/www.yoga-stud.io\/es\/secrets-de-yogini-pour-un-automne-au-top\/\" aria-label=\"Leer m\u00e1s sobre Secretos yoguinis para un oto\u00f1o estupendo\" tabindex=\"-1\" >\n\t\t\tLeer m\u00e1s\t\t<\/a>\n\n\t\t\t\t<\/div>\n\t\t\t\t\t<\/div>\n\t\t<\/article>\n\t\t\t\t<article class=\"elementor-post elementor-grid-item post-3827 post type-post status-publish format-standard has-post-thumbnail hentry category-non-classe tag-yogatips\" role=\"listitem\">\n\t\t\t<div class=\"elementor-post__card\">\n\t\t\t\t<a class=\"elementor-post__thumbnail__link\" href=\"https:\/\/www.yoga-stud.io\/es\/6-conseils-pour-instaurer-une-routine-yoga\/\" tabindex=\"-1\" ><div class=\"elementor-post__thumbnail\"><img loading=\"lazy\" decoding=\"async\" width=\"768\" height=\"960\" src=\"https:\/\/www.yoga-stud.io\/wp-content\/uploads\/2022\/11\/Site-yoga-matin-768x960.png\" class=\"attachment-medium_large size-medium_large wp-image-3828\" alt=\"Rutina de yoga matutina\" srcset=\"https:\/\/www.yoga-stud.io\/wp-content\/uploads\/2022\/11\/Site-yoga-matin-768x960.png 768w, https:\/\/www.yoga-stud.io\/wp-content\/uploads\/2022\/11\/Site-yoga-matin-240x300.png 240w, https:\/\/www.yoga-stud.io\/wp-content\/uploads\/2022\/11\/Site-yoga-matin-819x1024.png 819w, https:\/\/www.yoga-stud.io\/wp-content\/uploads\/2022\/11\/Site-yoga-matin-10x12.png 10w, https:\/\/www.yoga-stud.io\/wp-content\/uploads\/2022\/11\/Site-yoga-matin.png 1080w\" sizes=\"(max-width: 768px) 100vw, 768px\" title=\"-\"><\/div><\/a>\n\t\t\t\t<div class=\"elementor-post__badge\">yogatips<\/div>\n\t\t\t\t<div class=\"elementor-post__text\">\n\t\t\t\t<h4 class=\"elementor-post__title\">\n\t\t\t<a href=\"https:\/\/www.yoga-stud.io\/es\/6-conseils-pour-instaurer-une-routine-yoga\/\" >\n\t\t\t\t6 consejos para una rutina de yoga matutina\t\t\t<\/a>\n\t\t<\/h4>\n\t\t\t\t<div class=\"elementor-post__excerpt\">\n\t\t\t<p>\u00bfEstamos dando una patada a una puerta abierta?<\/p>\n<p>S\u00ed... as\u00ed que \u00a1Adelante! Aqu\u00ed tienes 6 consejos para establecer una rutina de yoga matutina en modo indoloro =&gt; \"si es que puedo hacerlo\"\ud83d\udcaa<\/p>\n\t\t<\/div>\n\t\t\n\t\t<a class=\"elementor-post__read-more\" href=\"https:\/\/www.yoga-stud.io\/es\/6-conseils-pour-instaurer-une-routine-yoga\/\" aria-label=\"Leer m\u00e1s sobre 6 consejos para una rutina de yoga matutina\" tabindex=\"-1\" >\n\t\t\tLeer m\u00e1s\t\t<\/a>\n\n\t\t\t\t<\/div>\n\t\t\t\t\t<\/div>\n\t\t<\/article>\n\t\t\t\t<article class=\"elementor-post elementor-grid-item post-3479 post type-post status-publish format-standard has-post-thumbnail hentry category-non-classe tag-yogalife\" role=\"listitem\">\n\t\t\t<div class=\"elementor-post__card\">\n\t\t\t\t<a class=\"elementor-post__thumbnail__link\" href=\"https:\/\/www.yoga-stud.io\/es\/la-perimenopause-on-en-parle\/\" tabindex=\"-1\" ><div class=\"elementor-post__thumbnail\"><img loading=\"lazy\" decoding=\"async\" width=\"768\" height=\"768\" src=\"https:\/\/www.yoga-stud.io\/wp-content\/uploads\/2022\/07\/IMG_8982-768x768.jpg\" class=\"attachment-medium_large size-medium_large wp-image-3425\" alt=\"-\" srcset=\"https:\/\/www.yoga-stud.io\/wp-content\/uploads\/2022\/07\/IMG_8982-768x768.jpg 768w, https:\/\/www.yoga-stud.io\/wp-content\/uploads\/2022\/07\/IMG_8982-300x300.jpg 300w, https:\/\/www.yoga-stud.io\/wp-content\/uploads\/2022\/07\/IMG_8982-1024x1024.jpg 1024w, https:\/\/www.yoga-stud.io\/wp-content\/uploads\/2022\/07\/IMG_8982-150x150.jpg 150w, https:\/\/www.yoga-stud.io\/wp-content\/uploads\/2022\/07\/IMG_8982-1536x1536.jpg 1536w, https:\/\/www.yoga-stud.io\/wp-content\/uploads\/2022\/07\/IMG_8982-2048x2048.jpg 2048w, https:\/\/www.yoga-stud.io\/wp-content\/uploads\/2022\/07\/IMG_8982-600x600.jpg 600w, https:\/\/www.yoga-stud.io\/wp-content\/uploads\/2022\/07\/IMG_8982-100x100.jpg 100w\" sizes=\"(max-width: 768px) 100vw, 768px\" title=\"-\"><\/div><\/a>\n\t\t\t\t<div class=\"elementor-post__badge\">yogalife<\/div>\n\t\t\t\t<div class=\"elementor-post__text\">\n\t\t\t\t<h4 class=\"elementor-post__title\">\n\t\t\t<a href=\"https:\/\/www.yoga-stud.io\/es\/la-perimenopause-on-en-parle\/\" >\n\t\t\t\t\u00bfEstamos hablando de la perimenopausia?\t\t\t<\/a>\n\t\t<\/h4>\n\t\t\t\t<div class=\"elementor-post__excerpt\">\n\t\t\t<p>Insomnio, sofocos, sudores nocturnos, cambios de humor, ansiedad... \u00a1Una alegr\u00eda!  Casi dan ganas de pasar directamente a la etapa de la menopausia para que sea un hecho (\u00a1\u00bfaunque?!).<\/p>\n\t\t<\/div>\n\t\t\n\t\t<a class=\"elementor-post__read-more\" href=\"https:\/\/www.yoga-stud.io\/es\/la-perimenopause-on-en-parle\/\" aria-label=\"Leer m\u00e1s sobre La perimenopausia, \u00bfhablamos de ella?\" tabindex=\"-1\" >\n\t\t\tLeer m\u00e1s\t\t<\/a>\n\n\t\t\t\t<\/div>\n\t\t\t\t\t<\/div>\n\t\t<\/article>\n\t\t\t\t<article class=\"elementor-post elementor-grid-item post-2632 post type-post status-publish format-standard has-post-thumbnail hentry category-non-classe tag-yogatips\" role=\"listitem\">\n\t\t\t<div class=\"elementor-post__card\">\n\t\t\t\t<a class=\"elementor-post__thumbnail__link\" href=\"https:\/\/www.yoga-stud.io\/es\/ameliorer-circulation-lymphatique\/\" tabindex=\"-1\" ><div class=\"elementor-post__thumbnail\"><img loading=\"lazy\" decoding=\"async\" width=\"768\" height=\"576\" src=\"https:\/\/www.yoga-stud.io\/wp-content\/uploads\/2022\/07\/IMG_6794-copie-768x576.jpeg\" class=\"attachment-medium_large size-medium_large wp-image-2633\" alt=\"Viparita Karani\" srcset=\"https:\/\/www.yoga-stud.io\/wp-content\/uploads\/2022\/07\/IMG_6794-copie-768x576.jpeg 768w, https:\/\/www.yoga-stud.io\/wp-content\/uploads\/2022\/07\/IMG_6794-copie-300x225.jpeg 300w, https:\/\/www.yoga-stud.io\/wp-content\/uploads\/2022\/07\/IMG_6794-copie-1024x768.jpeg 1024w, https:\/\/www.yoga-stud.io\/wp-content\/uploads\/2022\/07\/IMG_6794-copie-1536x1152.jpeg 1536w, https:\/\/www.yoga-stud.io\/wp-content\/uploads\/2022\/07\/IMG_6794-copie-2048x1536.jpeg 2048w, https:\/\/www.yoga-stud.io\/wp-content\/uploads\/2022\/07\/IMG_6794-copie-600x450.jpeg 600w\" sizes=\"(max-width: 768px) 100vw, 768px\" title=\"-\"><\/div><\/a>\n\t\t\t\t<div class=\"elementor-post__badge\">yogatips<\/div>\n\t\t\t\t<div class=\"elementor-post__text\">\n\t\t\t\t<h4 class=\"elementor-post__title\">\n\t\t\t<a href=\"https:\/\/www.yoga-stud.io\/es\/ameliorer-circulation-lymphatique\/\" >\n\t\t\t\tMejorar la circulaci\u00f3n linf\u00e1tica\t\t\t<\/a>\n\t\t<\/h4>\n\t\t\t\t<div class=\"elementor-post__excerpt\">\n\t\t\t<p>Las causas de la sensaci\u00f3n de pesadez en las piernas son m\u00faltiples: estar sentado mucho tiempo, caminar, el calor...<\/p>\n\t\t<\/div>\n\t\t\n\t\t<a class=\"elementor-post__read-more\" href=\"https:\/\/www.yoga-stud.io\/es\/ameliorer-circulation-lymphatique\/\" aria-label=\"Leer m\u00e1s sobre Mejorar la circulaci\u00f3n linf\u00e1tica\" tabindex=\"-1\" >\n\t\t\tLeer m\u00e1s\t\t<\/a>\n\n\t\t\t\t<\/div>\n\t\t\t\t\t<\/div>\n\t\t<\/article>\n\t\t\t\t<article class=\"elementor-post elementor-grid-item post-2352 post type-post status-publish format-standard has-post-thumbnail hentry category-non-classe tag-yogapostural\" role=\"listitem\">\n\t\t\t<div class=\"elementor-post__card\">\n\t\t\t\t<a class=\"elementor-post__thumbnail__link\" href=\"https:\/\/www.yoga-stud.io\/es\/liberez-vos-epaules\/\" tabindex=\"-1\" ><div class=\"elementor-post__thumbnail\"><img loading=\"lazy\" decoding=\"async\" width=\"768\" height=\"1182\" src=\"https:\/\/www.yoga-stud.io\/wp-content\/uploads\/2022\/07\/IMG_8805-768x1182.jpeg\" class=\"attachment-medium_large size-medium_large wp-image-2353\" alt=\"-\" srcset=\"https:\/\/www.yoga-stud.io\/wp-content\/uploads\/2022\/07\/IMG_8805-768x1182.jpeg 768w, https:\/\/www.yoga-stud.io\/wp-content\/uploads\/2022\/07\/IMG_8805-195x300.jpeg 195w, https:\/\/www.yoga-stud.io\/wp-content\/uploads\/2022\/07\/IMG_8805-665x1024.jpeg 665w, https:\/\/www.yoga-stud.io\/wp-content\/uploads\/2022\/07\/IMG_8805-998x1536.jpeg 998w, https:\/\/www.yoga-stud.io\/wp-content\/uploads\/2022\/07\/IMG_8805-600x924.jpeg 600w, https:\/\/www.yoga-stud.io\/wp-content\/uploads\/2022\/07\/IMG_8805.jpeg 1125w\" sizes=\"(max-width: 768px) 100vw, 768px\" title=\"-\"><\/div><\/a>\n\t\t\t\t<div class=\"elementor-post__badge\">yogapostural<\/div>\n\t\t\t\t<div class=\"elementor-post__text\">\n\t\t\t\t<h4 class=\"elementor-post__title\">\n\t\t\t<a href=\"https:\/\/www.yoga-stud.io\/es\/liberez-vos-epaules\/\" >\n\t\t\t\tLibera tus hombros\t\t\t<\/a>\n\t\t<\/h4>\n\t\t\t\t<div class=\"elementor-post__excerpt\">\n\t\t\t<p>Las horas pasadas frente al ordenador, detr\u00e1s de un volante o con la cabeza inclinada sobre un smartphone dejan su huella en la parte superior de la espalda.<\/p>\n\t\t<\/div>\n\t\t\n\t\t<a class=\"elementor-post__read-more\" href=\"https:\/\/www.yoga-stud.io\/es\/liberez-vos-epaules\/\" aria-label=\"Leer m\u00e1s sobre Libere sus hombros\" tabindex=\"-1\" >\n\t\t\tLeer m\u00e1s\t\t<\/a>\n\n\t\t\t\t<\/div>\n\t\t\t\t\t<\/div>\n\t\t<\/article>\n\t\t\t\t<article class=\"elementor-post elementor-grid-item post-2320 post type-post status-publish format-standard has-post-thumbnail hentry category-non-classe tag-yogatips\" role=\"listitem\">\n\t\t\t<div class=\"elementor-post__card\">\n\t\t\t\t<a class=\"elementor-post__thumbnail__link\" href=\"https:\/\/www.yoga-stud.io\/es\/pratiquer-yoga-regulierement\/\" tabindex=\"-1\" ><div class=\"elementor-post__thumbnail\"><img loading=\"lazy\" decoding=\"async\" width=\"768\" height=\"1024\" src=\"https:\/\/www.yoga-stud.io\/wp-content\/uploads\/2022\/06\/IMG_7848-768x1024.jpg\" class=\"attachment-medium_large size-medium_large wp-image-2321\" alt=\"Ranura de baja torsi\u00f3n\" srcset=\"https:\/\/www.yoga-stud.io\/wp-content\/uploads\/2022\/06\/IMG_7848-768x1024.jpg 768w, https:\/\/www.yoga-stud.io\/wp-content\/uploads\/2022\/06\/IMG_7848-225x300.jpg 225w, https:\/\/www.yoga-stud.io\/wp-content\/uploads\/2022\/06\/IMG_7848-1152x1536.jpg 1152w, https:\/\/www.yoga-stud.io\/wp-content\/uploads\/2022\/06\/IMG_7848-1536x2048.jpg 1536w, https:\/\/www.yoga-stud.io\/wp-content\/uploads\/2022\/06\/IMG_7848-600x800.jpg 600w, https:\/\/www.yoga-stud.io\/wp-content\/uploads\/2022\/06\/IMG_7848-scaled.jpg 1920w\" sizes=\"(max-width: 768px) 100vw, 768px\" title=\"-\"><\/div><\/a>\n\t\t\t\t<div class=\"elementor-post__badge\">yogatips<\/div>\n\t\t\t\t<div class=\"elementor-post__text\">\n\t\t\t\t<h4 class=\"elementor-post__title\">\n\t\t\t<a href=\"https:\/\/www.yoga-stud.io\/es\/pratiquer-yoga-regulierement\/\" >\n\t\t\t\tPracticar durante menos tiempo pero m\u00e1s a menudo\t\t\t<\/a>\n\t\t<\/h4>\n\t\t\t\t<div class=\"elementor-post__excerpt\">\n\t\t\t<p>\u00a1La filosof\u00eda y\u00f3guica prescribe una pr\u00e1ctica diaria de varias horas, pero viene de una \u00e9poca anterior a Instagram, Zoom y el Switch!<\/p>\n\t\t<\/div>\n\t\t\n\t\t<a class=\"elementor-post__read-more\" href=\"https:\/\/www.yoga-stud.io\/es\/pratiquer-yoga-regulierement\/\" aria-label=\"Read more about Practicar menos tiempo pero m\u00e1s a menudo\" tabindex=\"-1\" >\n\t\t\tLeer m\u00e1s\t\t<\/a>\n\n\t\t\t\t<\/div>\n\t\t\t\t\t<\/div>\n\t\t<\/article>\n\t\t\t\t<article class=\"elementor-post elementor-grid-item post-2147 post type-post status-publish format-standard has-post-thumbnail hentry category-non-classe tag-yogalife\" role=\"listitem\">\n\t\t\t<div class=\"elementor-post__card\">\n\t\t\t\t<a class=\"elementor-post__thumbnail__link\" href=\"https:\/\/www.yoga-stud.io\/es\/comment-laver-son-tapis-de-yoga\/\" tabindex=\"-1\" ><div class=\"elementor-post__thumbnail\"><img loading=\"lazy\" decoding=\"async\" width=\"768\" height=\"768\" src=\"https:\/\/www.yoga-stud.io\/wp-content\/uploads\/2022\/06\/IMG_5823-768x768.jpg\" class=\"attachment-medium_large size-medium_large wp-image-2148\" alt=\"Limpieza de la esterilla de yoga\" srcset=\"https:\/\/www.yoga-stud.io\/wp-content\/uploads\/2022\/06\/IMG_5823-768x768.jpg 768w, https:\/\/www.yoga-stud.io\/wp-content\/uploads\/2022\/06\/IMG_5823-300x300.jpg 300w, https:\/\/www.yoga-stud.io\/wp-content\/uploads\/2022\/06\/IMG_5823-1024x1024.jpg 1024w, https:\/\/www.yoga-stud.io\/wp-content\/uploads\/2022\/06\/IMG_5823-150x150.jpg 150w, https:\/\/www.yoga-stud.io\/wp-content\/uploads\/2022\/06\/IMG_5823-1536x1536.jpg 1536w, https:\/\/www.yoga-stud.io\/wp-content\/uploads\/2022\/06\/IMG_5823-2048x2048.jpg 2048w, https:\/\/www.yoga-stud.io\/wp-content\/uploads\/2022\/06\/IMG_5823-600x600.jpg 600w, https:\/\/www.yoga-stud.io\/wp-content\/uploads\/2022\/06\/IMG_5823-100x100.jpg 100w\" sizes=\"(max-width: 768px) 100vw, 768px\" title=\"-\"><\/div><\/a>\n\t\t\t\t<div class=\"elementor-post__badge\">yogalife<\/div>\n\t\t\t\t<div class=\"elementor-post__text\">\n\t\t\t\t<h4 class=\"elementor-post__title\">\n\t\t\t<a href=\"https:\/\/www.yoga-stud.io\/es\/comment-laver-son-tapis-de-yoga\/\" >\n\t\t\t\t\u00bfC\u00f3mo lavar la esterilla de yoga?\t\t\t<\/a>\n\t\t<\/h4>\n\t\t\t\t<div class=\"elementor-post__excerpt\">\n\t\t\t<p>La limpieza de la esterilla de yoga es un ritual que debe realizarse al final de cada pr\u00e1ctica, y quiz\u00e1s incluso antes, si se practica en un estudio y se utiliza su equipo. <\/p>\n\t\t<\/div>\n\t\t\n\t\t<a class=\"elementor-post__read-more\" href=\"https:\/\/www.yoga-stud.io\/es\/comment-laver-son-tapis-de-yoga\/\" aria-label=\"Leer m\u00e1s sobre \u00bfC\u00f3mo lavar la esterilla de yoga?\" tabindex=\"-1\" >\n\t\t\tLeer m\u00e1s\t\t<\/a>\n\n\t\t\t\t<\/div>\n\t\t\t\t\t<\/div>\n\t\t<\/article>\n\t\t\t\t<article class=\"elementor-post elementor-grid-item post-2123 post type-post status-publish format-standard has-post-thumbnail hentry category-non-classe tag-yogalife\" role=\"listitem\">\n\t\t\t<div class=\"elementor-post__card\">\n\t\t\t\t<a class=\"elementor-post__thumbnail__link\" href=\"https:\/\/www.yoga-stud.io\/es\/pratiquer-le-yoga-en-pleine-nature\/\" tabindex=\"-1\" ><div class=\"elementor-post__thumbnail\"><img loading=\"lazy\" decoding=\"async\" width=\"768\" height=\"768\" src=\"https:\/\/www.yoga-stud.io\/wp-content\/uploads\/2022\/06\/7936d6e6-564b-45a0-ac89-d9837347fde0-768x768.jpg\" class=\"attachment-medium_large size-medium_large wp-image-2085\" alt=\"Practicar yoga en la naturaleza\" srcset=\"https:\/\/www.yoga-stud.io\/wp-content\/uploads\/2022\/06\/7936d6e6-564b-45a0-ac89-d9837347fde0-768x768.jpg 768w, https:\/\/www.yoga-stud.io\/wp-content\/uploads\/2022\/06\/7936d6e6-564b-45a0-ac89-d9837347fde0-300x300.jpg 300w, https:\/\/www.yoga-stud.io\/wp-content\/uploads\/2022\/06\/7936d6e6-564b-45a0-ac89-d9837347fde0-1024x1024.jpg 1024w, https:\/\/www.yoga-stud.io\/wp-content\/uploads\/2022\/06\/7936d6e6-564b-45a0-ac89-d9837347fde0-150x150.jpg 150w, https:\/\/www.yoga-stud.io\/wp-content\/uploads\/2022\/06\/7936d6e6-564b-45a0-ac89-d9837347fde0-600x600.jpg 600w, https:\/\/www.yoga-stud.io\/wp-content\/uploads\/2022\/06\/7936d6e6-564b-45a0-ac89-d9837347fde0-100x100.jpg 100w, https:\/\/www.yoga-stud.io\/wp-content\/uploads\/2022\/06\/7936d6e6-564b-45a0-ac89-d9837347fde0.jpg 1200w\" sizes=\"(max-width: 768px) 100vw, 768px\" title=\"-\"><\/div><\/a>\n\t\t\t\t<div class=\"elementor-post__badge\">yogalife<\/div>\n\t\t\t\t<div class=\"elementor-post__text\">\n\t\t\t\t<h4 class=\"elementor-post__title\">\n\t\t\t<a href=\"https:\/\/www.yoga-stud.io\/es\/pratiquer-le-yoga-en-pleine-nature\/\" >\n\t\t\t\tPracticar yoga en la naturaleza\t\t\t<\/a>\n\t\t<\/h4>\n\t\t\t\t<div class=\"elementor-post__excerpt\">\n\t\t\t<p>No s\u00e9 t\u00fa, pero para m\u00ed, practicar yoga al aire libre es un trastorno. Por supuesto, me gusta la naturaleza, el aire fresco, el olor...<\/p>\n\t\t<\/div>\n\t\t\n\t\t<a class=\"elementor-post__read-more\" href=\"https:\/\/www.yoga-stud.io\/es\/pratiquer-le-yoga-en-pleine-nature\/\" aria-label=\"Leer m\u00e1s sobre Practicar yoga en la naturaleza\" tabindex=\"-1\" >\n\t\t\tLeer m\u00e1s\t\t<\/a>\n\n\t\t\t\t<\/div>\n\t\t\t\t\t<\/div>\n\t\t<\/article>\n\t\t\t\t<article class=\"elementor-post elementor-grid-item post-1998 post type-post status-publish format-standard has-post-thumbnail hentry category-non-classe tag-yogalife\" role=\"listitem\">\n\t\t\t<div class=\"elementor-post__card\">\n\t\t\t\t<a class=\"elementor-post__thumbnail__link\" href=\"https:\/\/www.yoga-stud.io\/es\/recette-yogi-bowl\/\" tabindex=\"-1\" ><div class=\"elementor-post__thumbnail\"><img loading=\"lazy\" decoding=\"async\" width=\"768\" height=\"768\" src=\"https:\/\/www.yoga-stud.io\/wp-content\/uploads\/2022\/06\/IMG_8181-768x768.jpeg\" class=\"attachment-medium_large size-medium_large wp-image-2120\" alt=\"Receta de Yogi Bowl\" srcset=\"https:\/\/www.yoga-stud.io\/wp-content\/uploads\/2022\/06\/IMG_8181-768x768.jpeg 768w, https:\/\/www.yoga-stud.io\/wp-content\/uploads\/2022\/06\/IMG_8181-300x300.jpeg 300w, https:\/\/www.yoga-stud.io\/wp-content\/uploads\/2022\/06\/IMG_8181-1024x1024.jpeg 1024w, https:\/\/www.yoga-stud.io\/wp-content\/uploads\/2022\/06\/IMG_8181-150x150.jpeg 150w, https:\/\/www.yoga-stud.io\/wp-content\/uploads\/2022\/06\/IMG_8181-1536x1536.jpeg 1536w, https:\/\/www.yoga-stud.io\/wp-content\/uploads\/2022\/06\/IMG_8181-2048x2048.jpeg 2048w, https:\/\/www.yoga-stud.io\/wp-content\/uploads\/2022\/06\/IMG_8181-600x600.jpeg 600w, https:\/\/www.yoga-stud.io\/wp-content\/uploads\/2022\/06\/IMG_8181-100x100.jpeg 100w\" sizes=\"(max-width: 768px) 100vw, 768px\" title=\"-\"><\/div><\/a>\n\t\t\t\t<div class=\"elementor-post__badge\">yogalife<\/div>\n\t\t\t\t<div class=\"elementor-post__text\">\n\t\t\t\t<h4 class=\"elementor-post__title\">\n\t\t\t<a href=\"https:\/\/www.yoga-stud.io\/es\/recette-yogi-bowl\/\" >\n\t\t\t\tTaz\u00f3n Yogui Verde\t\t\t<\/a>\n\t\t<\/h4>\n\t\t\t\t<div class=\"elementor-post__excerpt\">\n\t\t\t<p>\u00bfBuscas inspiraci\u00f3n para tu pr\u00f3ximo Yogi Bowl s\u00faper saludable?<br \/>\nAqu\u00ed tienes una receta ultra-verde que es r\u00e1pida y f\u00e1cil.<\/p>\n\t\t<\/div>\n\t\t\n\t\t<a class=\"elementor-post__read-more\" href=\"https:\/\/www.yoga-stud.io\/es\/recette-yogi-bowl\/\" aria-label=\"Leer m\u00e1s sobre Green Yogi Bowl\" tabindex=\"-1\" >\n\t\t\tLeer m\u00e1s\t\t<\/a>\n\n\t\t\t\t<\/div>\n\t\t\t\t\t<\/div>\n\t\t<\/article>\n\t\t\t\t<\/div>\n\t\t\n\t\t\t\t\t\t<\/div>\n\t\t\t\t<\/div>\n\t\t\t\t<\/div>\n\t\t\t\t\t<\/div>\n\t\t\t\t<\/div>\n\t\t<div class=\"elementor-element elementor-element-437cd78 e-flex e-con-boxed e-con e-parent\" data-id=\"437cd78\" data-element_type=\"container\" data-settings=\"{&quot;background_background&quot;:&quot;classic&quot;}\">\n\t\t\t\t\t<div class=\"e-con-inner\">\n\t\t<div class=\"elementor-element elementor-element-6f41c91 e-con-full e-flex e-con e-child\" data-id=\"6f41c91\" data-element_type=\"container\">\n\t\t\t\t<div class=\"elementor-element elementor-element-539b84f elementor-widget__width-auto elementor-widget elementor-widget-heading\" data-id=\"539b84f\" data-element_type=\"widget\" data-widget_type=\"heading.default\">\n\t\t\t\t<div class=\"elementor-widget-container\">\n\t\t\t\t\t<h2 class=\"elementor-heading-title elementor-size-default\">Clases de yoga en Lille Metropole <\/h2>\t\t\t\t<\/div>\n\t\t\t\t<\/div>\n\t\t\t\t<div class=\"elementor-element elementor-element-8d36016 elementor-widget__width-auto elementor-widget elementor-widget-heading\" data-id=\"8d36016\" data-element_type=\"widget\" data-widget_type=\"heading.default\">\n\t\t\t\t<div class=\"elementor-widget-container\">\n\t\t\t\t\t<h3 class=\"elementor-heading-title elementor-size-default\">Aprender y practicar yoga en 59700 Marcq-en-Baroeul, 59910 Bondues, 59126 Linselles, 59420 Mouvaux, 59170 Croix, 59290 Wasquehal, 59223 Roncq, 59250 Halluin, 59960 Neuville-en-Ferrain y alrededores<\/h3>\t\t\t\t<\/div>\n\t\t\t\t<\/div>\n\t\t\t\t<\/div>\n\t\t\t\t\t<\/div>\n\t\t\t\t<\/div>\n\t\t<div class=\"elementor-element elementor-element-d742ce1 e-flex e-con-boxed e-con e-parent\" data-id=\"d742ce1\" data-element_type=\"container\">\n\t\t\t\t\t<div class=\"e-con-inner\">\n\t\t<div class=\"elementor-element elementor-element-75e7525 e-con-full e-flex e-con e-child\" data-id=\"75e7525\" data-element_type=\"container\">\n\t\t\t\t<div class=\"elementor-element elementor-element-0712b34 elementor-widget elementor-widget-image\" data-id=\"0712b34\" data-element_type=\"widget\" data-widget_type=\"image.default\">\n\t\t\t\t<div class=\"elementor-widget-container\">\n\t\t\t\t\t\t\t\t\t\t\t\t\t\t\t<img loading=\"lazy\" decoding=\"async\" width=\"800\" height=\"84\" src=\"https:\/\/www.yoga-stud.io\/wp-content\/uploads\/2022\/02\/yoga-stud.io_-1024x108.webp\" class=\"attachment-large size-large wp-image-45\" alt=\"YOGA-STUD.IO clases particulares de yoga\" srcset=\"https:\/\/www.yoga-stud.io\/wp-content\/uploads\/2022\/02\/yoga-stud.io_-1024x108.webp 1024w, https:\/\/www.yoga-stud.io\/wp-content\/uploads\/2022\/02\/yoga-stud.io_-600x63.webp 600w, https:\/\/www.yoga-stud.io\/wp-content\/uploads\/2022\/02\/yoga-stud.io_-300x32.webp 300w, https:\/\/www.yoga-stud.io\/wp-content\/uploads\/2022\/02\/yoga-stud.io_-768x81.webp 768w, https:\/\/www.yoga-stud.io\/wp-content\/uploads\/2022\/02\/yoga-stud.io_.webp 1040w\" sizes=\"(max-width: 800px) 100vw, 800px\" title=\"-\">\t\t\t\t\t\t\t\t\t\t\t\t\t\t\t<\/div>\n\t\t\t\t<\/div>\n\t\t\t\t<div class=\"elementor-element elementor-element-a9971bb elementor-widget elementor-widget-heading\" data-id=\"a9971bb\" data-element_type=\"widget\" data-widget_type=\"heading.default\">\n\t\t\t\t<div class=\"elementor-widget-container\">\n\t\t\t\t\t<h2 class=\"elementor-heading-title elementor-size-default\"><a href=\"https:\/\/www.instagram.com\/aude.yoga.stud.io\/\" target=\"_blank\" rel=\"noopener\">aude.yoga.stud.io<\/a><\/h2>\t\t\t\t<\/div>\n\t\t\t\t<\/div>\n\t\t\t\t<div class=\"elementor-element elementor-element-b189c43 elementor-widget elementor-widget-heading\" data-id=\"b189c43\" data-element_type=\"widget\" data-widget_type=\"heading.default\">\n\t\t\t\t<div class=\"elementor-widget-container\">\n\t\t\t\t\t<div class=\"elementor-heading-title elementor-size-default\">en Instagram<\/div>\t\t\t\t<\/div>\n\t\t\t\t<\/div>\n\t\t\t\t<div class=\"elementor-element elementor-element-cd9839a elementor-widget elementor-widget-shortcode\" data-id=\"cd9839a\" data-element_type=\"widget\" data-widget_type=\"shortcode.default\">\n\t\t\t\t<div class=\"elementor-widget-container\">\n\t\t\t\t\t\t\t<div class=\"elementor-shortcode\">[insta_home]<\/div>\n\t\t\t\t\t\t<\/div>\n\t\t\t\t<\/div>\n\t\t\t\t<\/div>\n\t\t\t\t\t<\/div>\n\t\t\t\t<\/div>\n\t\t\t\t<\/div>","protected":false},"excerpt":{"rendered":"<p>de ti a m\u00ed... ... el Blog de Yoga Yoga : consejos, estados de \u00e1nimo, asesoramiento... Unos \"res\u00famenes de la esterilla\" en lectura r\u00e1pida para practicar yoga en casa, aprender a nutrir tu cuerpo as\u00ed como tu mente, aliviar los dolores cotidianos, disfrutar del bienestar natural... \u00a1Simplemente vive el yoga!  Clases de yoga [...]<\/p>","protected":false},"author":1,"featured_media":0,"parent":0,"menu_order":0,"comment_status":"closed","ping_status":"closed","template":"","meta":{"episode_type":"","audio_file":"","cover_image":"","cover_image_id":"","duration":"","filesize":"","filesize_raw":"","date_recorded":"","explicit":"","block":"","itunes_episode_number":"","itunes_title":"","itunes_season_number":"","itunes_episode_type":"","footnotes":""},"class_list":["post-1966","page","type-page","status-publish","hentry"],"_links":{"self":[{"href":"https:\/\/www.yoga-stud.io\/es\/wp-json\/wp\/v2\/pages\/1966","targetHints":{"allow":["GET"]}}],"collection":[{"href":"https:\/\/www.yoga-stud.io\/es\/wp-json\/wp\/v2\/pages"}],"about":[{"href":"https:\/\/www.yoga-stud.io\/es\/wp-json\/wp\/v2\/types\/page"}],"author":[{"embeddable":true,"href":"https:\/\/www.yoga-stud.io\/es\/wp-json\/wp\/v2\/users\/1"}],"replies":[{"embeddable":true,"href":"https:\/\/www.yoga-stud.io\/es\/wp-json\/wp\/v2\/comments?post=1966"}],"version-history":[{"count":0,"href":"https:\/\/www.yoga-stud.io\/es\/wp-json\/wp\/v2\/pages\/1966\/revisions"}],"wp:attachment":[{"href":"https:\/\/www.yoga-stud.io\/es\/wp-json\/wp\/v2\/media?parent=1966"}],"curies":[{"name":"wp","href":"https:\/\/api.w.org\/{rel}","templated":true}]}}